{"id":72,"date":"2015-06-23T15:16:51","date_gmt":"2015-06-23T13:16:51","guid":{"rendered":"http:\/\/kubieniec.de\/?page_id=72"},"modified":"2024-01-22T10:22:19","modified_gmt":"2024-01-22T09:22:19","slug":"vorsorge","status":"publish","type":"page","link":"http:\/\/kubieniec.de\/?page_id=72","title":{"rendered":"Vorsorge"},"content":{"rendered":"<h2>Sorgen Sie vor &#8230;<br \/>\nf\u00fcr sich, Ihre Eltern oder Ihren Partner<\/h2>\n<p>Nehmen Sie sich Zeit bei der Auswahl eines Bestatters Ihres Vertrauens. Wir beraten Sie so, dass allein Ihre W\u00fcnsche und Vorstellungen dabei ma\u00dfgebend sind. Mit Ihrem Bestatter k\u00f6nnen Sie alle Fragen zum Thema Bestattung offen und vertrauensvoll ansprechen.<\/p>\n<p>Wir sind Mitglied der Berufsorganisation und erkennen die strengen Standesregeln des \u201eBerufsverband deutscher Bestatter e. V.\u201c an und sind berechtigt Vorsorgevertr\u00e4ge der \u201eDeutsche Bestattungsvorsorge Treuhand AG\u201c anzubieten.<\/p>\n<p><strong>Vorsorge bedeutet:<\/strong><br \/>\n\u2022 Selbst bestimmen<br \/>\n\u2022 Notwendiges regeln<br \/>\n\u2022 Verantwortung in eigener Sache zu \u00fcbernehmen<br \/>\n\u2022 Angeh\u00f6rige zu entlasten<\/p>\n<p><strong>Die wichtigsten Gr\u00fcnde f\u00fcr den Abschluss eines Bestattungsvorsorge-Treuhandvertrages:<\/strong><br \/>\n\u2022 Sicherung der eigenen W\u00fcnsche zur dereinstigen Bestattung durch finanzielle Absicherung<br \/>\n\u2022 Keine direkte Zugriffsm\u00f6glichkeit durch Dritte<br \/>\n\u2022 Sicherheit der Geldanlage \u00fcber den Unternehmensbestand des Bestatters hinaus<br \/>\n\u2022 Keine laufenden Beitr\u00e4ge<\/p>\n<p>Die Vorsorgegelder sind durch eine Ausfallb\u00fcrgschaft einer namhaften Bank\/ Sparkasse abgesichert!<\/p>\n","protected":false},"excerpt":{"rendered":"<p>Sorgen Sie vor &#8230; f\u00fcr sich, Ihre Eltern oder Ihren Partner Nehmen Sie sich Zeit bei der Auswahl eines Bestatters Ihres Vertrauens. Wir beraten Sie so, dass allein Ihre W\u00fcnsche und Vorstellungen dabei ma\u00dfgebend sind. Mit Ihrem Bestatter k\u00f6nnen Sie alle Fragen zum Thema Bestattung offen und vertrauensvoll ansprechen. Wir sind Mitglied der Berufsorganisation und [&hellip;]<\/p>\n","protected":false},"author":1,"featured_media":0,"parent":0,"menu_order":0,"comment_status":"open","ping_status":"closed","template":"page_vorsorge.php","meta":[],"_links":{"self":[{"href":"http:\/\/kubieniec.de\/index.php?rest_route=\/wp\/v2\/pages\/72"}],"collection":[{"href":"http:\/\/kubieniec.de\/index.php?rest_route=\/wp\/v2\/pages"}],"about":[{"href":"http:\/\/kubieniec.de\/index.php?rest_route=\/wp\/v2\/types\/page"}],"author":[{"embeddable":true,"href":"http:\/\/kubieniec.de\/index.php?rest_route=\/wp\/v2\/users\/1"}],"replies":[{"embeddable":true,"href":"http:\/\/kubieniec.de\/index.php?rest_route=%2Fwp%2Fv2%2Fcomments&post=72"}],"version-history":[{"count":3,"href":"http:\/\/kubieniec.de\/index.php?rest_route=\/wp\/v2\/pages\/72\/revisions"}],"predecessor-version":[{"id":193,"href":"http:\/\/kubieniec.de\/index.php?rest_route=\/wp\/v2\/pages\/72\/revisions\/193"}],"wp:attachment":[{"href":"http:\/\/kubieniec.de\/index.php?rest_route=%2Fwp%2Fv2%2Fmedia&parent=72"}],"curies":[{"name":"wp","href":"https:\/\/api.w.org\/{rel}","templated":true}]}}